{"id":6979,"date":"2023-03-04T16:16:26","date_gmt":"2023-03-04T21:16:26","guid":{"rendered":"https:\/\/koreanfilmfestivalcanada.ca\/?page_id=6979"},"modified":"2023-07-12T19:32:57","modified_gmt":"2023-07-12T23:32:57","slug":"code-de-conduite","status":"publish","type":"page","link":"https:\/\/koreanfilmfestivalcanada.ca\/fr\/a-propos\/ffcc\/code-de-conduite\/","title":{"rendered":"Code de conduite"},"content":{"rendered":"<section class=\"wpb-content-wrapper\"><p>[vc_row][vc_column][vc_custom_heading text=&#8221;Arts Est\/Ouest&#8221; font_container=&#8221;tag:h2|font_size:46|text_align:center&#8221; google_fonts=&#8221;font_family:Alegreya%20Sans%3A100%2C100italic%2C300%2C300italic%2Cregular%2Citalic%2C500%2C500italic%2C700%2C700italic%2C800%2C800italic%2C900%2C900italic|font_style:700%20bold%20regular%3A700%3Anormal&#8221;][vc_custom_heading text=&#8221;Festival du Film Cor\u00e9en au Canada&#8221; font_container=&#8221;tag:h2|font_size:46|text_align:center&#8221; google_fonts=&#8221;font_family:Alegreya%20Sans%3A100%2C100italic%2C300%2C300italic%2Cregular%2Citalic%2C500%2C500italic%2C700%2C700italic%2C800%2C800italic%2C900%2C900italic|font_style:700%20bold%20regular%3A700%3Anormal&#8221;][vc_column_text]<\/p>\n<p style=\"text-align: center;\"><span style=\"font-family: arial, helvetica, sans-serif;\">D\u00e9couvrez nos conditions d&#8217;utilisation, notre politique de confidentialit\u00e9 et notre code de conduite.<\/span><\/p>\n<p>&nbsp;[\/vc_column_text][vc_toggle title=&#8221;Politique de confidentialit\u00e9&#8221; custom_font_container=&#8221;tag:h2|font_size:36|text_align:left&#8221; custom_google_fonts=&#8221;font_family:Alegreya%20Sans%3A100%2C100italic%2C300%2C300italic%2Cregular%2Citalic%2C500%2C500italic%2C700%2C700italic%2C800%2C800italic%2C900%2C900italic|font_style:700%20bold%20regular%3A700%3Anormal&#8221; use_custom_heading=&#8221;true&#8221;]<span style=\"font-size: 24pt;\"><strong><span style=\"font-family: arial, helvetica, sans-serif;\">Politique de confidentialit\u00e9<\/span><\/strong><\/span><\/p>\n<p><span style=\"font-family: arial, helvetica, sans-serif;\">Protection des renseignements personnels et confidentialit\u00e9<\/span><\/p>\n<p><span style=\"font-family: arial, helvetica, sans-serif;\">Le Festival du Film Cor\u00e9en Canada (\u00ab KFFC \u00bb) comprend l&#8217;importance de votre vie priv\u00e9e. Nous nous engageons \u00e0 prot\u00e9ger votre vie priv\u00e9e et toutes les informations personnelles que nous collectons vous concernant via notre site web ou d&#8217;autres moyens. Cette politique de confidentialit\u00e9 vous informera sur le type d&#8217;informations personnelles que nous collectons, comment nous les collectons et pourquoi nous les collectons. Elle expliquera les mesures que nous prenons pour maintenir la confidentialit\u00e9 de vos informations personnelles et vous fournira les moyens de nous contacter si vous avez des questions ou des pr\u00e9occupations concernant nos pratiques de protection. Cette politique de confidentialit\u00e9 fonctionne en conjonction avec nos conditions d&#8217;utilisation.<\/span><\/p>\n<p><span style=\"font-family: arial, helvetica, sans-serif;\">Types d&#8217;informations personnelles que nous collectons<\/span><\/p>\n<p><span style=\"font-family: arial, helvetica, sans-serif;\">Selon la raison de la collecte, nous pouvons collecter votre nom, adresse postale, adresse e-mail, num\u00e9ro de t\u00e9l\u00e9phone, informations de carte de cr\u00e9dit, profession, photographie et, en ce qui concerne notre site web, mot de passe et informations informatiques telles que votre adresse IP, syst\u00e8me d&#8217;exploitation, logiciel de navigateur Web, r\u00e9solution d&#8217;\u00e9cran et sites Web r\u00e9f\u00e9rents.<\/span><\/p>\n<p><span style=\"font-family: arial, helvetica, sans-serif;\">M\u00e9thodes de collecte des informations personnelles<\/span><\/p>\n<p><span style=\"font-family: arial, helvetica, sans-serif;\">Nous collectons des informations personnelles qui nous sont fournies volontairement lorsque vous nous contactez par t\u00e9l\u00e9phone, e-mail, notre site web ou en personne (y compris par des photographies ou des vid\u00e9os lors d&#8217;\u00e9v\u00e9nements en personne). Nous pouvons \u00e9galement collecter des informations personnelles aupr\u00e8s de nos partenaires communautaires, sponsors et autres tiers qui ont obtenu le consentement de la personne \u00e0 qui appartiennent les informations avant de nous les fournir.<\/span><\/p>\n<p><span style=\"font-family: arial, helvetica, sans-serif;\">Cookies<\/span><\/p>\n<p><span style=\"font-family: arial, helvetica, sans-serif;\">Notre site peut utiliser des cookies pour filtrer le contenu en fonction des pr\u00e9f\u00e9rences des utilisateurs, enregistrer les adresses IP \u00e0 des fins analytiques et se connecter \u00e0 des comptes de m\u00e9dias sociaux pour le partage de contenu. Ces informations peuvent \u00eatre stock\u00e9es dans le fichier cookie sous forme de donn\u00e9es crypt\u00e9es, afin d&#8217;emp\u00eacher les personnes non autoris\u00e9es de consulter les informations qu&#8217;il contient. Les fichiers de cookies permanents restent sur le disque dur de votre ordinateur jusqu&#8217;\u00e0 ce qu&#8217;ils soient supprim\u00e9s manuellement. Un cookie identifiera votre navigateur aupr\u00e8s de nos serveurs informatiques lorsque vous visiterez notre site Web sans divulguer vos informations personnelles. Vous pouvez configurer votre navigateur pour refuser les cookies, mais si vous n&#8217;acceptez pas les cookies, certaines parties de notre site Web peuvent \u00eatre limit\u00e9es.<\/span><\/p>\n<p><span style=\"font-family: arial, helvetica, sans-serif;\">Raisons de la collecte des informations personnelles<\/span><\/p>\n<p><span style=\"font-family: arial, helvetica, sans-serif;\">Le KFFC peut collecter vos informations personnelles et\/ou les utiliser pour vous fournir des produits, des services ou des annonces, vous facturer l&#8217;achat de billets ou de marchandises, reconna\u00eetre votre don et fournir des informations sur ce don \u00e0 l&#8217;ARC, vous fournir des informations sur les promotions, les enqu\u00eates, les concours et les \u00e9v\u00e9nements sp\u00e9ciaux li\u00e9s au festival, am\u00e9liorer votre utilisation de notre site web, r\u00e9pondre \u00e0 vos soumissions ou correspondances, fournir \u00e0 tout le personnel, partenaires et membres du public un environnement en ligne et en personne s\u00e9curis\u00e9, et coop\u00e9rer avec les forces de l&#8217;ordre, les lois et les codes, et les proc\u00e9dures judiciaires si n\u00e9cessaire.<\/span><\/p>\n<p><span style=\"font-family: arial, helvetica, sans-serif;\">Divulgation des informations personnelles<\/span><\/p>\n<p><span style=\"font-family: arial, helvetica, sans-serif;\">Le KFFC ne vendra jamais ni ne louera aucune information personnelle. Lorsque vous achetez un billet ou des produits par notre interm\u00e9diaire, nous divulguons vos informations personnelles \u00e0 un fournisseur de services tiers uniquement \u00e0 des fins d&#8217;ex\u00e9cution et d&#8217;exp\u00e9dition.<\/span><\/p>\n<p><span style=\"font-family: arial, helvetica, sans-serif;\">Comment le KFFC prot\u00e8ge votre vie priv\u00e9e<\/span><\/p>\n<p><span style=\"font-family: arial, helvetica, sans-serif;\">Le KFFC s&#8217;engage \u00e0 prot\u00e9ger votre vie priv\u00e9e. Nous avons adopt\u00e9 des mesures de s\u00e9curit\u00e9 telles que le chiffrement sur notre site web pour prot\u00e9ger vos informations personnelles. De plus, tous les employ\u00e9s et b\u00e9n\u00e9voles qui ont acc\u00e8s \u00e0 des informations personnelles sont tenus de les utiliser strictement conform\u00e9ment \u00e0 notre politique de confidentialit\u00e9 et aux lois applicables. Nous conserverons vos informations personnelles uniquement tant qu&#8217;elles seront pertinentes aux fins pour lesquelles nous les avons re\u00e7ues, en suivant de mani\u00e8re coh\u00e9rente les r\u00e8gles \u00e9nonc\u00e9es dans cette politique de confidentialit\u00e9 et les lois applicables. Cependant, nous ne pouvons pas garantir que les informations personnelles qui nous sont fournies ne seront pas intercept\u00e9es par des tiers par des moyens qui \u00e9chappent \u00e0 notre contr\u00f4le.<\/span><\/p>\n<p><span style=\"font-family: arial, helvetica, sans-serif;\">Votre consentement<\/span><\/p>\n<p><span style=\"font-family: arial, helvetica, sans-serif;\">Lorsque vous choisissez de nous fournir vos informations personnelles, vous consentez \u00e0 leur collecte, \u00e0 leur utilisation et \u00e0 leur divulgation conform\u00e9ment aux stipulations de la politique de confidentialit\u00e9.<\/span><\/p>\n<p><span style=\"font-family: arial, helvetica, sans-serif;\">Modification de vos informations personnelles<\/span><\/p>\n<p><span style=\"font-family: arial, helvetica, sans-serif;\">Pour nous permettre de maintenir l&#8217;exactitude, l&#8217;int\u00e9gralit\u00e9 et l&#8217;actualit\u00e9 de vos informations personnelles, veuillez nous informer de tout changement \u00e0 ces informations \u00e0 <a href=\"mailto:kffcaes.coordination@gmail.com\" target=\"_new\" rel=\"noopener\">kffcaes.coordination@gmail.com<\/a>.<\/span><\/p>\n<p><span style=\"font-family: arial, helvetica, sans-serif;\">S\u00e9curit\u00e9 des donn\u00e9es<\/span><\/p>\n<p><span style=\"font-family: arial, helvetica, sans-serif;\">Pour emp\u00eacher tout acc\u00e8s non autoris\u00e9, maintenir l&#8217;exactitude des donn\u00e9es et garantir l&#8217;utilisation correcte des informations, nous avons mis en place des proc\u00e9dures physiques, \u00e9lectroniques et administratives appropri\u00e9es pour prot\u00e9ger et s\u00e9curiser les informations que nous collectons en ligne.<\/span><\/p>\n<p><span style=\"font-family: arial, helvetica, sans-serif;\">Liens vers des sites web tiers<\/span><\/p>\n<p><span style=\"font-family: arial, helvetica, sans-serif;\">Notre site web contient des liens vers d&#8217;autres sites web associ\u00e9s au KFFC, y compris ceux de nos sponsors et partenaires communautaires. Nous vous encourageons \u00e0 en prendre note lorsque vous quittez notre site web et \u00e0 lire les politiques de confidentialit\u00e9 de chaque site web qui collecte vos informations personnelles. La politique de confidentialit\u00e9 du KFFC s&#8217;applique uniquement \u00e0 ce site web.<\/span><\/p>\n<p><span style=\"font-family: arial, helvetica, sans-serif;\">Politique anti-spam et vos droits de d\u00e9sinscription<\/span><\/p>\n<p><span style=\"font-family: arial, helvetica, sans-serif;\">Nous nous engageons \u00e0 pr\u00e9venir le spam et les courriels non sollicit\u00e9s. Si vous avez re\u00e7u un courriel de notre part par erreur, vous pouvez supprimer vos informations personnelles de notre base de donn\u00e9es en nous envoyant un courriel pour demander de vous d\u00e9sinscrire \u00e0 <a href=\"mailto:kffcaes.coordination@gmail.com\" target=\"_new\" rel=\"noopener\">kffcaes.coordination@gmail.com<\/a>.<\/span><\/p>\n<p><span style=\"font-family: arial, helvetica, sans-serif;\">Informations personnelles des enfants<\/span><\/p>\n<p><span style=\"font-family: arial, helvetica, sans-serif;\">Nous ne pouvons l\u00e9galement collecter aucune information personnelle d&#8217;un enfant de moins de treize ans sans le consentement de ses parents ou tuteurs. Les d\u00e9clarations de notre politique de confidentialit\u00e9 s&#8217;appliquent \u00e9galement \u00e0 notre traitement des informations personnelles des enfants de moins de treize ans, avec la protection suppl\u00e9mentaire de la r\u00e8gle sp\u00e9ciale concernant le consentement parental.<\/span><\/p>\n<p><span style=\"font-family: arial, helvetica, sans-serif;\">Consentement parental<\/span><\/p>\n<p><span style=\"font-family: arial, helvetica, sans-serif;\">Nous n&#8217;accepterons pas consciemment les informations personnelles de toute personne de moins de 13 ans sans le consentement parental. Si vous \u00eates parent d&#8217;un enfant de moins de treize ans, nous vous demandons d&#8217;approuver toute action que votre enfant prend par rapport \u00e0 notre site web et avant que votre enfant ne m\u00e8ne une quelconque activit\u00e9 sur notre site web.<\/span><\/p>\n<p><span style=\"font-family: arial, helvetica, sans-serif;\">Divulgation \u00e0 des fins l\u00e9gales<\/span><\/p>\n<p><span style=\"font-family: arial, helvetica, sans-serif;\">Nous pouvons \u00eatre amen\u00e9s \u00e0 partager vos informations personnelles en r\u00e9ponse \u00e0 des assignations, des mandats ou des ordres judiciaires, et le ferons si la loi l&#8217;exige.<\/span><\/p>\n<p><span style=\"font-family: arial, helvetica, sans-serif;\">Comment nous contacter<\/span><\/p>\n<p><span style=\"font-family: arial, helvetica, sans-serif;\">Si vous avez des questions ou des pr\u00e9occupations concernant notre politique de confidentialit\u00e9, veuillez nous envoyer un courriel \u00e0 <a href=\"mailto:kffcaes.coordination@gmail.com\" target=\"_new\" rel=\"noopener\">kffcaes.coordination@gmail.com<\/a>.<\/span><\/p>\n<p><span style=\"font-family: arial, helvetica, sans-serif;\">Modifications de la politique de confidentialit\u00e9<\/span><\/p>\n<p><span style=\"font-family: arial, helvetica, sans-serif;\">La politique de confidentialit\u00e9 et son contenu sont sujets \u00e0 des changements et \u00e0 des r\u00e9visions \u00e0 tout moment. Tout changement sera effectif imm\u00e9diatement apr\u00e8s sa publication sur notre site web et en modifiant la date d&#8217;entr\u00e9e en vigueur ci-dessous. Veillez \u00e0 revenir sur cette page p\u00e9riodiquement pour vous familiariser avec la version la plus r\u00e9cente de cette politique de confidentialit\u00e9.<\/span><\/p>\n<p><span style=\"font-family: arial, helvetica, sans-serif;\">Date d&#8217;entr\u00e9e en vigueur : 17 juillet 2020<\/span>[\/vc_toggle][vc_toggle title=&#8221;Conditions d&#8217;utilisation&#8221; custom_font_container=&#8221;tag:h2|font_size:36|text_align:left&#8221; custom_google_fonts=&#8221;font_family:Alegreya%20Sans%3A100%2C100italic%2C300%2C300italic%2Cregular%2Citalic%2C500%2C500italic%2C700%2C700italic%2C800%2C800italic%2C900%2C900italic|font_style:700%20bold%20regular%3A700%3Anormal&#8221; use_custom_heading=&#8221;true&#8221;]<span style=\"font-family: arial, helvetica, sans-serif; font-size: 24pt;\">Conditions d&#8217;utilisation<\/span><\/p>\n<p>Nous vous souhaitons la bienvenue au Festival du Film Cor\u00e9en Canada (KFFC). En acc\u00e9dant \u00e0 notre site web, vous acceptez d&#8217;\u00eatre li\u00e9 par ces conditions d&#8217;utilisation ainsi que par toutes les lois et r\u00e9glementations applicables.<\/p>\n<p>Politique de confidentialit\u00e9<\/p>\n<p>Le KFFC valorise et respecte votre vie priv\u00e9e. Si vous utilisez le site web, vous acceptez que vos activit\u00e9s soient couvertes par notre politique de confidentialit\u00e9.<\/p>\n<p>Utilisation des publications, des marques de commerce et des logos<\/p>\n<p>Sauf indication contraire expresse, tout le contenu fourni sur le site web est la propri\u00e9t\u00e9 intellectuelle qui nous appartient ou qui appartient \u00e0 nos partenaires et sponsors. Toute utilisation non autoris\u00e9e de ce contenu est interdite. Des exceptions peuvent \u00eatre faites \u00e0 des fins p\u00e9dagogiques ou d&#8217;utilisation \u00e9quitable. La suggestion d&#8217;une affiliation avec nous, nos partenaires ou sponsors est \u00e9galement interdite, sauf si vous obtenez une autorisation \u00e9crite expresse. Vous ne pouvez pas utiliser ou reproduire de logos ou de marques de commerce sans une autorisation \u00e9crite expresse de notre part. Pour demander une autorisation d&#8217;utilisation de mat\u00e9riel prot\u00e9g\u00e9 par des droits d&#8217;auteur, de marques de commerce ou de logos, envoyez un courriel \u00e0 <a href=\"mailto:kffc.coordinations@gmail.com\" target=\"_new\" rel=\"noopener\">kffc.coordinations@gmail.com<\/a>.<\/p>\n<p>Absence de garanties<\/p>\n<p>Bien que nous nous efforcions de maintenir les informations disponibles sur notre site web pr\u00e9cises et \u00e0 jour, des erreurs peuvent se produire. Par cons\u00e9quent, nous ne faisons aucune d\u00e9claration ni ne garantissons l&#8217;exactitude, l&#8217;exhaustivit\u00e9 ou l&#8217;actualit\u00e9 de notre site web. Le KFFC ne sera pas responsable envers vous ou toute autre personne ou entit\u00e9 de tout dommage r\u00e9sultant de l&#8217;utilisation ou de l&#8217;incapacit\u00e9 \u00e0 utiliser le site web, ou de toute information, contenu ou ressource mis \u00e0 disposition via notre site web.<\/p>\n<p>Indemnisation<\/p>\n<p>Vous acceptez de d\u00e9gager de toute responsabilit\u00e9 chacun d&#8217;entre nous, nos filiales, dirigeants, administrateurs, employ\u00e9s, sponsors, partenaires communautaires et b\u00e9n\u00e9voles de toute r\u00e9clamation ou demande, y compris les frais d&#8217;avocat raisonnables, formul\u00e9e par un tiers en raison de, d\u00e9coulant de, ou li\u00e9e \u00e0 votre utilisation de ce site web, \u00e0 la violation des conditions d&#8217;utilisation par vous, ou \u00e0 la violation par vous de tout droit de propri\u00e9t\u00e9 intellectuelle ou autre droit de toute personne ou entit\u00e9.<\/p>\n<p>Modifications des conditions d&#8217;utilisation<\/p>\n<p>Nous nous r\u00e9servons le droit d&#8217;apporter des modifications aux services, informations et ressources de notre site web, y compris aux conditions d&#8217;utilisation, sans vous en informer. Les conditions d&#8217;utilisation les plus r\u00e9centes seront publi\u00e9es sur cette page du site web et seront en vigueur d\u00e8s leur publication. La date d&#8217;entr\u00e9e en vigueur sera indiqu\u00e9e avec les conditions d&#8217;utilisation les plus r\u00e9centes.<\/p>\n<p>\u00c0 propos de ces conditions<\/p>\n<p><span style=\"font-family: arial, helvetica, sans-serif;\">Nous ne renon\u00e7ons pas \u00e0 nos droits d&#8217;engager des actions futures si nous ne r\u00e9agissons pas imm\u00e9diatement pour faire respecter une violation de ces conditions d&#8217;utilisation. Si une disposition particuli\u00e8re de ces conditions d&#8217;utilisation est jug\u00e9e inapplicable, cette disposition sera divisible et n&#8217;affectera pas les autres dispositions. Ce site web est d\u00e9tenu et exploit\u00e9 par nous depuis Montr\u00e9al, Qu\u00e9bec. L&#8217;utilisation du site web, ainsi que toute action en justice li\u00e9e \u00e0 son utilisation, sera r\u00e9gie par les lois de Montr\u00e9al, Qu\u00e9bec et du Canada ; tout litige d\u00e9coulant de votre utilisation du site web ou de vos demandes relatives au site web sera port\u00e9 devant les tribunaux comp\u00e9tents de ces juridictions.<\/span><\/p>\n<p>Date d&#8217;entr\u00e9e en vigueur : 17 juillet 2020<\/p>\n<div class=\"group w-full text-gray-800 dark:text-gray-100 border-b border-black\/10 dark:border-gray-900\/50 bg-gray-50 dark:bg-[#444654]\">\n<div class=\"flex p-4 gap-4 text-base md:gap-6 md:max-w-2xl lg:max-w-[38rem] xl:max-w-3xl md:py-6 lg:px-0 m-auto\">\n<div class=\"relative flex w-[calc(100%-50px)] flex-col gap-1 md:gap-3 lg:w-[calc(100%-115px)]\">\n<div class=\"flex justify-between lg:block\">\n<div class=\"text-gray-400 flex self-end lg:self-center justify-center mt-2 gap-2 md:gap-3 lg:gap-1 lg:absolute lg:top-0 lg:translate-x-full lg:right-0 lg:mt-0 lg:pl-2 visible\">\n<p>&nbsp;<\/p>\n<div class=\"flex gap-1\"><\/div>\n<\/div>\n<\/div>\n<\/div>\n<\/div>\n<\/div>\n<p>[\/vc_toggle][vc_toggle title=&#8221;Code de conduite&#8221; custom_font_container=&#8221;tag:h2|font_size:36|text_align:left&#8221; custom_google_fonts=&#8221;font_family:Alegreya%20Sans%3A100%2C100italic%2C300%2C300italic%2Cregular%2Citalic%2C500%2C500italic%2C700%2C700italic%2C800%2C800italic%2C900%2C900italic|font_style:700%20bold%20regular%3A700%3Anormal&#8221; use_custom_heading=&#8221;true&#8221;]<span style=\"font-family: arial, helvetica, sans-serif;\">Le Festival du Film Cor\u00e9en Canada est un \u00e9v\u00e9nement culturel qui r\u00e9unit des r\u00e9alisateurs, des acteurs, des chercheurs et le grand public pour c\u00e9l\u00e9brer les r\u00e9cits du cin\u00e9ma cor\u00e9en et cor\u00e9en-canadien. Nous nous engageons \u00e0 offrir une exp\u00e9rience agr\u00e9able, respectueuse et sans harc\u00e8lement \u00e0 tous les participants, membres du personnel, professionnels et b\u00e9n\u00e9voles. Nous ne tol\u00e9rons pas la discrimination, le harc\u00e8lement, le sexisme, le langage abusif, les comportements mena\u00e7ants ou irrespectueux qui d\u00e9gradent une personne ou un groupe. Le KFFC se r\u00e9serve le droit de retirer le badge, le billet, les accr\u00e9ditations ou l&#8217;acc\u00e8s de tout participant ou personne accr\u00e9dit\u00e9e qui enfreint cette politique, sans pr\u00e9avis ni remboursement.<\/span>[\/vc_toggle][\/vc_column][\/vc_row]<\/p>\n<\/section>","protected":false},"excerpt":{"rendered":"<p>[vc_row][vc_column][vc_custom_heading text=&#8221;Arts Est\/Ouest&#8221; font_container=&#8221;tag:h2|font_size:46|text_align:center&#8221; google_fonts=&#8221;font_family:Alegreya%20Sans%3A100%2C100italic%2C300%2C300italic%2Cregular%2Citalic%2C500%2C500italic%2C700%2C700italic%2C800%2C800italic%2C900%2C900italic|font_style:700%20bold%20regular%3A700%3Anormal&#8221;][vc_custom_heading text=&#8221;Festival du Film Cor\u00e9en au Canada&#8221; font_container=&#8221;tag:h2|font_size:46|text_align:center&#8221; google_fonts=&#8221;font_family:Alegreya%20Sans%3A100%2C100italic%2C300%2C300italic%2Cregular%2Citalic%2C500%2C500italic%2C700%2C700italic%2C800%2C800italic%2C900%2C900italic|font_style:700%20bold%20regular%3A700%3Anormal&#8221;][vc_column_text] D\u00e9couvrez nos conditions d&#8217;utilisation, notre politique de confidentialit\u00e9 et notre code de&#8230;<\/p>\n","protected":false},"author":2,"featured_media":0,"parent":6943,"menu_order":0,"comment_status":"closed","ping_status":"closed","template":"","meta":{"_coblocks_attr":"","_coblocks_dimensions":"","_coblocks_responsive_height":"","_coblocks_accordion_ie_support":"","footnotes":""},"class_list":["post-6979","page","type-page","status-publish","hentry"],"acf":[],"_links":{"self":[{"href":"https:\/\/koreanfilmfestivalcanada.ca\/fr\/wp-json\/wp\/v2\/pages\/6979","targetHints":{"allow":["GET"]}}],"collection":[{"href":"https:\/\/koreanfilmfestivalcanada.ca\/fr\/wp-json\/wp\/v2\/pages"}],"about":[{"href":"https:\/\/koreanfilmfestivalcanada.ca\/fr\/wp-json\/wp\/v2\/types\/page"}],"author":[{"embeddable":true,"href":"https:\/\/koreanfilmfestivalcanada.ca\/fr\/wp-json\/wp\/v2\/users\/2"}],"replies":[{"embeddable":true,"href":"https:\/\/koreanfilmfestivalcanada.ca\/fr\/wp-json\/wp\/v2\/comments?post=6979"}],"version-history":[{"count":4,"href":"https:\/\/koreanfilmfestivalcanada.ca\/fr\/wp-json\/wp\/v2\/pages\/6979\/revisions"}],"predecessor-version":[{"id":11960,"href":"https:\/\/koreanfilmfestivalcanada.ca\/fr\/wp-json\/wp\/v2\/pages\/6979\/revisions\/11960"}],"up":[{"embeddable":true,"href":"https:\/\/koreanfilmfestivalcanada.ca\/fr\/wp-json\/wp\/v2\/pages\/6943"}],"wp:attachment":[{"href":"https:\/\/koreanfilmfestivalcanada.ca\/fr\/wp-json\/wp\/v2\/media?parent=6979"}],"curies":[{"name":"wp","href":"https:\/\/api.w.org\/{rel}","templated":true}]}}